{"id":234,"date":"2016-05-16T16:57:51","date_gmt":"2016-05-16T14:57:51","guid":{"rendered":"https:\/\/www.camp-pleinsoleil.ch\/archives\/?page_id=234"},"modified":"2016-05-31T09:59:09","modified_gmt":"2016-05-31T07:59:09","slug":"un-peu-dhistoire","status":"publish","type":"page","link":"https:\/\/www.camp-pleinsoleil.ch\/histoire\/un-peu-dhistoire\/","title":{"rendered":"Un peu d&rsquo;histoire"},"content":{"rendered":"<p style=\"text-align: justify;\">Dans les ann\u00e9es<span style=\"color: #cc3300;\"><strong> 1950<\/strong><\/span>, les communes de la r\u00e9gion de Martigny (Martigny-Ville, Martigny-Bourg et la B\u00e2tiaz\u00a0<a href=\"#_ftn1\" name=\"_ftnref1\">[1]<\/a>\u00a0) organisent des camps dans la r\u00e9gion de Martigny, notamment dans le village de Champex. En <span style=\"color: #cc3300;\"><strong>1953<\/strong><\/span>, le comit\u00e9 de la Colonie de Martigny-Ville cherche des solutions pour augmenter la capacit\u00e9 de ses camps. Devant l\u2019impossibilit\u00e9 d\u2019acheter et de transformer des b\u00e2timents existants, il propose alors la construction d\u2019un b\u00e2timent neuf.<\/p>\n<p style=\"text-align: justify;\">Deux sites sont un temps envisag\u00e9 pour une nouvelle colonie\u00a0: Ravoire et Verbier. C\u2019est finalement le premier qui est choisi, probablement gr\u00e2ce \u00e0 son microclimat particulier permettant une excellente oxyg\u00e9nation des futurs pensionnaires. Les trois communes se portent caution pour le financement du projet. En collaboration avec la ligue anti-tuberculeuse et le Service cantonal de la sant\u00e9, des subventions f\u00e9d\u00e9rales sont octroy\u00e9es, le b\u00e2timent devant aussi permettre l\u2019accueil d\u2019enfants souffrants. Les plans sont \u00e9tablis par l\u2019architecte Paul Rouiller de Martigny.<\/p>\n<p style=\"text-align: justify;\">Le <span style=\"color: #cc3300;\"><strong>30 novembre 1955<\/strong><\/span> est fond\u00e9e l\u2019Association \u00ab\u00a0Colonie de vacances de Martigny\u00a0\u00bb, regroupant les anciennes associations communales. C\u2019est elle qui g\u00e8re encore aujourd\u2019hui la Colonie de Ravoire. L\u2019association se fixe comme but de g\u00e9rer le nouveau b\u00e2timent et d\u2019assurer son exploitation et d\u2019offrir des s\u00e9jours aux enfants de la r\u00e9gion, deux buts toujours inscrits dans les statuts actuels.<\/p>\n<p style=\"text-align: justify;\">Le b\u00e2timent est construit rapidement, <span style=\"color: #cc3300;\"><strong>\u00e0 la fin de l\u2019ann\u00e9e 1955<\/strong><\/span>, une pierre du b\u00e2timent au-dessus de l\u2019entr\u00e9e du balcon rappelant aujourd\u2019hui encore cette date. Son inauguration officielle \u00e0 lieu le <span style=\"color: #cc3300;\"><strong>24 juin 1956<\/strong><\/span> et, d\u00e8s les mois de juillet et ao\u00fbt, le b\u00e2timent s\u2019ouvre aux colons, un mois les gar\u00e7ons, un mois les filles. Deux fois une centaine de colons se pressent ainsi chaque ann\u00e9e pour participer \u00e0 l\u2019\u00e9v\u00e9nement. A l\u2019\u00e9poque, deux \u00e0 trois moniteurs ou monitrices suffisent pour l\u2019ensemble des enfants qui se d\u00e9brouillent, soit sur le terrain de football, soit dans la for\u00eat. De nombreux instituteurs se sont illustr\u00e9s dans les r\u00f4les de directeurs et moniteurs des s\u00e9jours avec un succ\u00e8s qui ne s\u2019est jamais d\u00e9menti. Le nom de Gaston Moret reste grav\u00e9 dans la t\u00eate de plusieurs g\u00e9n\u00e9rations d\u2019enfants.<\/p>\n<p style=\"text-align: justify;\">Jusque dans les ann\u00e9es <span style=\"color: #cc3300;\"><strong>1970<\/strong><\/span>, le syst\u00e8me ne varie pas, la Colonie restant ferm\u00e9e durant les dix autres mois de l\u2019ann\u00e9e. En <span style=\"color: #cc3300;\"><strong>1975<\/strong><\/span>, les travaux de r\u00e9novation permettent de doter le b\u00e2timent d\u2019un chauffage central autorisant l\u2019occupation pendant les p\u00e9riodes plus froides. D\u00e8s <span style=\"color: #cc3300;\"><strong>1970<\/strong><\/span>, les s\u00e9jours tombent \u00e0 deux fois trois semaines en raison des modifications du programme de l\u2019ann\u00e9e scolaire et la baisse de la vogue des colonies de vacances, comme le dit la chanson. D\u00e8s les ann\u00e9es <span style=\"color: #cc3300;\"><strong>1980<\/strong><\/span>, le comit\u00e9 de l\u2019Association ouvre la Colonie \u00e0 l\u2019occupation autre que celle des enfants, en permettant notamment \u00e0 l\u2019arm\u00e9e d\u2019y organiser des cours de r\u00e9p\u00e9tition, aux fanfares d\u2019am\u00e9nager des camps, et aux classes natures de profiter de la r\u00e9gion. Le b\u00e2timent reste ferm\u00e9 durant les mois d\u2019hiver, soit de novembre \u00e0 mars.<\/p>\n<p style=\"text-align: justify;\">Dans les ann\u00e9es <span style=\"color: #cc3300;\"><strong>1990<\/strong><\/span>, le comit\u00e9 tente \u00e9galement de donner une ouverture plus grande aux locations avec l\u2019organisation de mariages, de f\u00eates de toutes sortes, permettant de faire connaitre le charme de l\u2019endroit. De nombreuses manifestations organis\u00e9es \u00e0 Martigny occupent aussi la Colonie, notamment pendant la foire du Valais, les Europ\u00e9ades du Folklore et d\u2019autres encore.<\/p>\n<p style=\"text-align: justify;\">Entre fin <span style=\"color: #cc3300;\"><strong>2008<\/strong><\/span> et d\u00e9but <span style=\"color: #cc3300;\"><strong>2009<\/strong><\/span>, l\u2019Association investit plus\u00a0de 2 millions de francs dans le projet \u00ab\u00a0Colo 50\u00a0\u00bb permettant une r\u00e9vision quasi compl\u00e8te du b\u00e2timent et sa mise aux normes \u00e9nerg\u00e9tiques les plus modernes. Tout est \u00e9galement fait pour permettre l\u2019accueil de personnes \u00e0 mobilit\u00e9 r\u00e9duite. <span style=\"color: #cc3300;\"><strong>2008<\/strong><\/span> marque aussi la cr\u00e9ation d\u2019un camp r\u00e9serv\u00e9 aux ados (de 13 \u00e0 15 ans), s\u00e9jour sportif pour 35 jeunes motiv\u00e9s et d\u00e9sireux d\u2019aventure. En <span style=\"color: #cc3300;\"><strong>2010<\/strong><\/span>, la Colonie de Ravoire innove \u00e0 nouveau en offrant un 3e s\u00e9jour d\u2019\u00e9t\u00e9 pour les enfants et un nouveau camp d\u2019une semaine pendant la p\u00e9riode d\u2019Automne pour les enfants en \u00e2ge primaire (de 6 \u00e0 12 ans).<\/p>\n<p style=\"text-align: justify;\">En <span style=\"color: #cc3300;\"><strong>2013<\/strong><\/span>, un terrain multisports est construit devant\u00a0la Colonie et les am\u00e9nagements ext\u00e9rieurs sont compl\u00e8tement termin\u00e9s. C\u2019est aussi l\u2019ann\u00e9e de la mise sur pied du\u00a0premier camp d\u2019hiver durant la p\u00e9riode de Carnaval pour les enfants de 6 \u00e0 12 ans. En\u00a0<span style=\"color: #cc3300;\"><strong>2016<\/strong><\/span>, la Colonie f\u00eate ses 60 ans de camps et d\u2019activit\u00e9s au service de la jeunesse de la r\u00e9gion de Martigny. Une ann\u00e9e anniversaire \u00e0 l\u2019occasion de laquelle la cuisine du b\u00e2timent est compl\u00e8tement r\u00e9nov\u00e9e, bouclant ainsi les importants travaux de modernisation entrepris ces derni\u00e8res ann\u00e9es.<\/p>\n<blockquote>\n<p style=\"text-align: justify;\"><a href=\"#_ftnref1\" name=\"_ftn1\">[1]<\/a> Les communes de Martigny-Ville et de la B\u00e2tiez fusionnent en 1956. La commune de la Martigny-Bourg les rejoint en 1964 formant l\u2019actuelle commune de Martigny.<\/p>\n<\/blockquote>\n","protected":false},"excerpt":{"rendered":"<p>Dans les ann\u00e9es 1950, les communes de la r\u00e9gion de Martigny (Martigny-Ville, Martigny-Bourg et la B\u00e2tiaz\u00a0[1]\u00a0) organisent des camps dans la r\u00e9gion de Martigny, notamment dans le village de Champex. En 1953, le comit\u00e9 de la Colonie de Martigny-Ville cherche &hellip; <a href=\"https:\/\/www.camp-pleinsoleil.ch\/histoire\/un-peu-dhistoire\/\">Continued<\/a><\/p>\n","protected":false},"author":1,"featured_media":456,"parent":0,"menu_order":0,"comment_status":"closed","ping_status":"closed","template":"","meta":{"footnotes":""},"class_list":["post-234","page","type-page","status-publish","has-post-thumbnail","hentry","dwtl normal"],"_links":{"self":[{"href":"https:\/\/www.camp-pleinsoleil.ch\/histoire\/wp-json\/wp\/v2\/pages\/234","targetHints":{"allow":["GET"]}}],"collection":[{"href":"https:\/\/www.camp-pleinsoleil.ch\/histoire\/wp-json\/wp\/v2\/pages"}],"about":[{"href":"https:\/\/www.camp-pleinsoleil.ch\/histoire\/wp-json\/wp\/v2\/types\/page"}],"author":[{"embeddable":true,"href":"https:\/\/www.camp-pleinsoleil.ch\/histoire\/wp-json\/wp\/v2\/users\/1"}],"replies":[{"embeddable":true,"href":"https:\/\/www.camp-pleinsoleil.ch\/histoire\/wp-json\/wp\/v2\/comments?post=234"}],"version-history":[{"count":4,"href":"https:\/\/www.camp-pleinsoleil.ch\/histoire\/wp-json\/wp\/v2\/pages\/234\/revisions"}],"predecessor-version":[{"id":654,"href":"https:\/\/www.camp-pleinsoleil.ch\/histoire\/wp-json\/wp\/v2\/pages\/234\/revisions\/654"}],"wp:featuredmedia":[{"embeddable":true,"href":"https:\/\/www.camp-pleinsoleil.ch\/histoire\/wp-json\/wp\/v2\/media\/456"}],"wp:attachment":[{"href":"https:\/\/www.camp-pleinsoleil.ch\/histoire\/wp-json\/wp\/v2\/media?parent=234"}],"curies":[{"name":"wp","href":"https:\/\/api.w.org\/{rel}","templated":true}]}}